{"id":561,"date":"2023-02-28T08:48:22","date_gmt":"2023-02-28T07:48:22","guid":{"rendered":"https:\/\/www.dolsat.pl\/?page_id=561"},"modified":"2023-02-28T11:31:14","modified_gmt":"2023-02-28T10:31:14","slug":"efaktura","status":"publish","type":"page","link":"https:\/\/www.dolsat.pl\/?page_id=561","title":{"rendered":"eFaktura"},"content":{"rendered":"\t\t<div data-elementor-type=\"wp-page\" data-elementor-id=\"561\" class=\"elementor elementor-561\">\n\t\t\t\t\t\t<section class=\"elementor-section elementor-top-section elementor-element elementor-element-3ef203a elementor-section-height-min-height elementor-section-items-stretch elementor-section-content-middle elementor-section-boxed elementor-section-height-default\" data-id=\"3ef203a\" data-element_type=\"section\">\n\t\t\t\t\t\t<div class=\"elementor-container elementor-column-gap-no\">\n\t\t\t\t\t<div class=\"elementor-column elementor-col-100 elementor-top-column elementor-element elementor-element-a3d0171\" data-id=\"a3d0171\" data-element_type=\"column\">\n\t\t\t<div class=\"elementor-widget-wrap elementor-element-populated\">\n\t\t\t\t\t\t<div class=\"elementor-element elementor-element-a42eb47 elementor-invisible elementor-widget elementor-widget-heading\" data-id=\"a42eb47\" data-element_type=\"widget\" data-settings=\"{&quot;_animation&quot;:&quot;fadeIn&quot;}\" data-widget_type=\"heading.default\">\n\t\t\t\t<div class=\"elementor-widget-container\">\n\t\t\t<h1 class=\"elementor-heading-title elementor-size-default\">eFaktura<\/h1>\t\t<\/div>\n\t\t\t\t<\/div>\n\t\t\t\t<div class=\"elementor-element elementor-element-dcb45b3 elementor-widget elementor-widget-eael-fancy-text\" data-id=\"dcb45b3\" data-element_type=\"widget\" data-widget_type=\"eael-fancy-text.default\">\n\t\t\t\t<div class=\"elementor-widget-container\">\n\t\t\t\n\t<div  class=\"eael-fancy-text-container style-1\" data-fancy-text-id=\"dcb45b3\" data-fancy-text=\"|szybko|wygodnie|bezpiecznie|ekologicznie\" data-fancy-text-transition-type=\"typing\" data-fancy-text-speed=\"50\" data-fancy-text-delay=\"2500\" data-fancy-text-cursor=\"yes\" data-fancy-text-loop=\"yes\" >\n\t\t\t\t\t<span class=\"eael-fancy-text-prefix\">&gt; <\/span>\n\t\t\n\t\t\n\t\t\t\t\t<span id=\"eael-fancy-text-dcb45b3\" class=\"eael-fancy-text-strings solid-color\">\n\t\t\t\t<noscript>\n\t\t\t\t\tszybko, wygodnie, bezpiecznie, ekologicznie\t\t\t\t<\/noscript>\n\t\t\t<\/span>\n\t\t\n\t\t\t\t\t<span class=\"eael-fancy-text-suffix\"> &lt;<\/span>\n\t\t\t<\/div><!-- close .eael-fancy-text-container -->\n\n\t<div class=\"clearfix\"><\/div>\n\n\t\t\t<\/div>\n\t\t\t\t<\/div>\n\t\t\t\t\t<\/div>\n\t\t<\/div>\n\t\t\t\t\t<\/div>\n\t\t<\/section>\n\t\t\t\t<section class=\"elementor-section elementor-top-section elementor-element elementor-element-731dd21 elementor-section-boxed elementor-section-height-default elementor-section-height-default\" data-id=\"731dd21\" data-element_type=\"section\">\n\t\t\t\t\t\t<div class=\"elementor-container elementor-column-gap-default\">\n\t\t\t\t\t<div class=\"elementor-column elementor-col-100 elementor-top-column elementor-element elementor-element-5c479d2\" data-id=\"5c479d2\" data-element_type=\"column\">\n\t\t\t<div class=\"elementor-widget-wrap elementor-element-populated\">\n\t\t\t\t\t\t<div class=\"elementor-element elementor-element-865d1ff elementor-alert-info elementor-widget elementor-widget-alert\" data-id=\"865d1ff\" data-element_type=\"widget\" data-widget_type=\"alert.default\">\n\t\t\t\t<div class=\"elementor-widget-container\">\n\t\t\t\t\t<div class=\"elementor-alert\" role=\"alert\">\n\n\t\t\t\t\t\t<span class=\"elementor-alert-title\">Co to jest eFaktura?<\/span>\n\t\t\t\n\t\t\t\t\t\t<span class=\"elementor-alert-description\">eFaktura to po prostu faktura w formie elektronicznej, zawieraj\u0105ca dok\u0142adnie te same dane co tradycyjna faktura papierowa. eFaktura jest dokumentem wysy\u0142anym bezpo\u015brednio na poczt\u0119 e-mail podan\u0105 przez Klienta. Us\u0142uga ta jest bezp\u0142atna i realizowana na wniosek Klienta. eFaktura jest prawnie obowi\u0105zuj\u0105cym dokumentem, stworzonym w oparciu o Rozporz\u0105dzenie Ministra Finans\u00f3w, akceptowanym przez Urz\u0105d Skarbowy tak jak jej papierowy odpowiednik.<\/span>\n\t\t\t\n\t\t\t\n\t\t<\/div>\n\t\t\t\t<\/div>\n\t\t\t\t<\/div>\n\t\t\t\t\t<\/div>\n\t\t<\/div>\n\t\t\t\t\t<\/div>\n\t\t<\/section>\n\t\t\t\t<section class=\"elementor-section elementor-top-section elementor-element elementor-element-450e198 elementor-section-boxed elementor-section-height-default elementor-section-height-default\" data-id=\"450e198\" data-element_type=\"section\">\n\t\t\t\t\t\t<div class=\"elementor-container elementor-column-gap-default\">\n\t\t\t\t\t<div class=\"elementor-column elementor-col-100 elementor-top-column elementor-element elementor-element-416adea\" data-id=\"416adea\" data-element_type=\"column\">\n\t\t\t<div class=\"elementor-widget-wrap\">\n\t\t\t\t\t\t\t<\/div>\n\t\t<\/div>\n\t\t\t\t\t<\/div>\n\t\t<\/section>\n\t\t\t\t<section class=\"elementor-section elementor-top-section elementor-element elementor-element-d0fa669 elementor-section-boxed elementor-section-height-default elementor-section-height-default\" data-id=\"d0fa669\" data-element_type=\"section\">\n\t\t\t\t\t\t<div class=\"elementor-container elementor-column-gap-default\">\n\t\t\t\t\t<div class=\"elementor-column elementor-col-100 elementor-top-column elementor-element elementor-element-d3d01a3\" data-id=\"d3d01a3\" data-element_type=\"column\">\n\t\t\t<div class=\"elementor-widget-wrap elementor-element-populated\">\n\t\t\t\t\t\t<div class=\"elementor-element elementor-element-ebf51e6 elementor-widget elementor-widget-eael-feature-list\" data-id=\"ebf51e6\" data-element_type=\"widget\" data-widget_type=\"eael-feature-list.default\">\n\t\t\t\t<div class=\"elementor-widget-container\">\n\t\t\t\t\t<div class=\"-icon-position-left -tablet-icon-position-left -mobile-icon-position-left\">\n\t\t\t<ul id=\"eael-feature-list-ebf51e6\" class=\"eael-feature-list-items circle stacked  eael-feature-list-vertical\">\n\t\t\t                <li class=\"eael-feature-list-item elementor-repeater-item-9ebbc7b\">\n                    \n\t\t\t\t\t\t<div class=\"eael-feature-list-icon-box\">\n\t\t\t\t\t\t\t<div class=\"eael-feature-list-icon-inner\">\n\n\t\t\t\t\t\t\t\t<span class=\"eael-feature-list-icon fl-icon-0\">\n\n\t\t<i aria-hidden=\"true\" class=\"fas fa-smile-beam\"><\/i>\t\t\t\t\t\t\t\t<\/span>\n\t\t\t\t\t\t\t<\/div>\n\t\t\t\t\t\t<\/div>\n\t\t\t\t\t\t<div class=\"eael-feature-list-content-box\">\n\t\t\t\t\t\t\t<h2 class=\"eael-feature-list-title\"\t\t\t\t\t\t\t>Wygoda<\/h2\t\t\t\t\t\t>\n\t\t\t\t\t\t<p class=\"eael-feature-list-content\">Dzi\u0119ki eFakturze Klient nie musi przechowywa\u0107 ci\u0105gle rosn\u0105cych stert dokument\u00f3w w teczkach czy segregatorach. Pozwala to zaoszcz\u0119dzi\u0107 du\u017co miejsca i unikn\u0105\u0107 niepotrzebnego ba\u0142aganu w dokumentacji. Dokonuj\u0105c p\u0142atno\u015bci za us\u0142ugi w formie elektronicznej tj. sta\u0142e zlecenie, polecenie zap\u0142aty, przelewy z konta, nie ma potrzeby drukowania otrzymanych Faktur. Otrzymywane eFaktury nale\u017cy przechowywa\u0107 na wybranym przez siebie no\u015bniku, skrzynce odbiorczej poczty e-mail, w dowolnym folderze w komputerze lub na p\u0142ycie CD, przez 5 lat na potrzeby kontroli Urz\u0119du Skarbowego wraz z potwierdzeniem dokonania p\u0142atno\u015bci (kopia przelewu z konta itp.).<\/p>\n\t\t\t\t\t\t<\/div>\n\n\t\t\t\t\t<\/li>\n\t\t\t\t                <li class=\"eael-feature-list-item elementor-repeater-item-a05163f\">\n                    \n\t\t\t\t\t\t<div class=\"eael-feature-list-icon-box\">\n\t\t\t\t\t\t\t<div class=\"eael-feature-list-icon-inner\">\n\n\t\t\t\t\t\t\t\t<span class=\"eael-feature-list-icon fl-icon-1\">\n\n\t\t<i aria-hidden=\"true\" class=\"fas fa-lock\"><\/i>\t\t\t\t\t\t\t\t<\/span>\n\t\t\t\t\t\t\t<\/div>\n\t\t\t\t\t\t<\/div>\n\t\t\t\t\t\t<div class=\"eael-feature-list-content-box\">\n\t\t\t\t\t\t\t<h2 class=\"eael-feature-list-title\"\t\t\t\t\t\t\t>Bezpiecze\u0144stwo<\/h2\t\t\t\t\t\t>\n\t\t\t\t\t\t<p class=\"eael-feature-list-content\">eFaktura posiada podpis certyfikowany, dlatego te\u017c klient mo\u017ce by\u0107 pewien autentyczno\u015bci pochodzenia dokumentu. Stworzony przez nas system tworzenia i wysy\u0142ania eFaktur daje pewno\u015b\u0107, \u017ce faktura naszego Klienta trafi tylko na wskazany przez niego adres e-mail. eFaktura eliminuje niebezpiecze\u0144stwo dotarcia dokumentu pod inny adres czy te\u017c w niepowo\u0142ane r\u0119ce, jak w przypadku tradycyjnej poczty.<\/p>\n\t\t\t\t\t\t<\/div>\n\n\t\t\t\t\t<\/li>\n\t\t\t\t                <li class=\"eael-feature-list-item elementor-repeater-item-df2965c\">\n                    \n\t\t\t\t\t\t<div class=\"eael-feature-list-icon-box\">\n\t\t\t\t\t\t\t<div class=\"eael-feature-list-icon-inner\">\n\n\t\t\t\t\t\t\t\t<span class=\"eael-feature-list-icon fl-icon-2\">\n\n\t\t<i aria-hidden=\"true\" class=\"fas fa-stopwatch\"><\/i>\t\t\t\t\t\t\t\t<\/span>\n\t\t\t\t\t\t\t<\/div>\n\t\t\t\t\t\t<\/div>\n\t\t\t\t\t\t<div class=\"eael-feature-list-content-box\">\n\t\t\t\t\t\t\t<h2 class=\"eael-feature-list-title\"\t\t\t\t\t\t\t>Oszcz\u0119dno\u015b\u0107 czasu<\/h2\t\t\t\t\t\t>\n\t\t\t\t\t\t<p class=\"eael-feature-list-content\">Klient otrzymuje eFaktur\u0119 na poczt\u0119 e-mail do 3 dni po jej wystawieniu. Gwarantuje to szybsz\u0105 i lepsz\u0105 obs\u0142ug\u0119 Klienta poprzez przyspieszenie i uproszczenie procedury dystrybucji faktury. eFaktura pozwoli \u0142atwiej kontrolowa\u0107 swoje wydatki.<\/p>\n\t\t\t\t\t\t<\/div>\n\n\t\t\t\t\t<\/li>\n\t\t\t\t                <li class=\"eael-feature-list-item elementor-repeater-item-a9022be\">\n                    \n\t\t\t\t\t\t<div class=\"eael-feature-list-icon-box\">\n\t\t\t\t\t\t\t<div class=\"eael-feature-list-icon-inner\">\n\n\t\t\t\t\t\t\t\t<span class=\"eael-feature-list-icon fl-icon-3\">\n\n\t\t<i aria-hidden=\"true\" class=\"fas fa-tree\"><\/i>\t\t\t\t\t\t\t\t<\/span>\n\t\t\t\t\t\t\t<\/div>\n\t\t\t\t\t\t<\/div>\n\t\t\t\t\t\t<div class=\"eael-feature-list-content-box\">\n\t\t\t\t\t\t\t<h2 class=\"eael-feature-list-title\"\t\t\t\t\t\t\t>Ekologia<\/h2\t\t\t\t\t\t>\n\t\t\t\t\t\t<p class=\"eael-feature-list-content\">\tDzi\u0119ki elektronicznemu dostarczaniu i przechowywaniu dokument\u00f3w eliminujemy stosowan\u0105 do tej pory tradycyjn\u0105 papierow\u0105 form\u0119. Wprowadzenie takiego rozwi\u0105zania to ogromna oszcz\u0119dno\u015b\u0107 dla \u015brodowiska, nie tylko papieru, ale r\u00f3wnie\u017c energii. Te nowoczesne, proekologiczne rozwi\u0105zania to nasza wsp\u00f3lna dba\u0142o\u015b\u0107 o ochron\u0119 \u015brodowiska.<\/p>\n\t\t\t\t\t\t<\/div>\n\n\t\t\t\t\t<\/li>\n\t\t\t\t\t\t\t<\/ul>\n\t\t<\/div>\n\t\t\t\t<\/div>\n\t\t\t\t<\/div>\n\t\t\t\t\t<\/div>\n\t\t<\/div>\n\t\t\t\t\t<\/div>\n\t\t<\/section>\n\t\t\t\t<section class=\"elementor-section elementor-top-section elementor-element elementor-element-63cdb53 elementor-section-boxed elementor-section-height-default elementor-section-height-default\" data-id=\"63cdb53\" data-element_type=\"section\">\n\t\t\t\t\t\t<div class=\"elementor-container elementor-column-gap-default\">\n\t\t\t\t\t<div class=\"elementor-column elementor-col-100 elementor-top-column elementor-element elementor-element-ae3df8c\" data-id=\"ae3df8c\" data-element_type=\"column\">\n\t\t\t<div class=\"elementor-widget-wrap elementor-element-populated\">\n\t\t\t\t\t\t<div class=\"elementor-element elementor-element-8cb310e elementor-widget elementor-widget-heading\" data-id=\"8cb310e\" data-element_type=\"widget\" data-widget_type=\"heading.default\">\n\t\t\t\t<div class=\"elementor-widget-container\">\n\t\t\t<h2 class=\"elementor-heading-title elementor-size-default\">W jaki spos\u00f3b mo\u017cna aktywowa\u0107 eFaktur\u0119?<\/h2>\t\t<\/div>\n\t\t\t\t<\/div>\n\t\t\t\t<div class=\"elementor-element elementor-element-0bf755b elementor-widget-divider--view-line elementor-widget elementor-widget-divider\" data-id=\"0bf755b\" data-element_type=\"widget\" data-widget_type=\"divider.default\">\n\t\t\t\t<div class=\"elementor-widget-container\">\n\t\t\t\t\t<div class=\"elementor-divider\">\n\t\t\t<span class=\"elementor-divider-separator\">\n\t\t\t\t\t\t<\/span>\n\t\t<\/div>\n\t\t\t\t<\/div>\n\t\t\t\t<\/div>\n\t\t\t\t\t<\/div>\n\t\t<\/div>\n\t\t\t\t\t<\/div>\n\t\t<\/section>\n\t\t\t\t<section class=\"elementor-section elementor-top-section elementor-element elementor-element-5cf1cc1 elementor-section-boxed elementor-section-height-default elementor-section-height-default\" data-id=\"5cf1cc1\" data-element_type=\"section\">\n\t\t\t\t\t\t<div class=\"elementor-container elementor-column-gap-default\">\n\t\t\t\t\t<div class=\"elementor-column elementor-col-33 elementor-top-column elementor-element elementor-element-b725d9c\" data-id=\"b725d9c\" data-element_type=\"column\">\n\t\t\t<div class=\"elementor-widget-wrap elementor-element-populated\">\n\t\t\t\t\t\t<div class=\"elementor-element elementor-element-9f07dbe eael-infobox-icon-bg-shape-circle eael-infobox-content-align--center eael-infobox-icon-hover-bg-shape-none elementor-widget elementor-widget-eael-info-box\" data-id=\"9f07dbe\" data-element_type=\"widget\" data-widget_type=\"eael-info-box.default\">\n\t\t\t\t<div class=\"elementor-widget-container\">\n\t\t\t        <div class=\"eael-infobox\">\n\t            <div class=\"infobox-icon eael-icon-only\">\n\n            \n                            <div class=\"infobox-icon-wrap\">\n                    <i aria-hidden=\"true\" class=\"fas fa-file-signature\"><\/i>                <\/div>\n            \n            \n        <\/div>\n            <div class=\"infobox-content eael-icon-only\">\n                            <h2 class=\"title\">Krok 1<\/h2>\n                                                                                                <p><strong>Wype\u0142nij i podpisz czytelnie<br \/>\"eFaktura - zgoda Klienta\" <\/strong><\/p><p>Wniosek mo\u017cna pobra\u0107 z Biura Obs\u0142ugi Klienta lub ze strony www.dolsat.pl<br \/>(pliki znajduj\u0105 si\u0119 poni\u017cej)<\/p>                                                                            <\/div>\n            <\/div>\n\n\t\t\t\t<\/div>\n\t\t\t\t<\/div>\n\t\t\t\t\t<\/div>\n\t\t<\/div>\n\t\t\t\t<div class=\"elementor-column elementor-col-33 elementor-top-column elementor-element elementor-element-168f02c\" data-id=\"168f02c\" data-element_type=\"column\">\n\t\t\t<div class=\"elementor-widget-wrap elementor-element-populated\">\n\t\t\t\t\t\t<div class=\"elementor-element elementor-element-ee19eb6 eael-infobox-icon-bg-shape-circle eael-infobox-content-align--center eael-infobox-icon-hover-bg-shape-none elementor-widget elementor-widget-eael-info-box\" data-id=\"ee19eb6\" data-element_type=\"widget\" data-widget_type=\"eael-info-box.default\">\n\t\t\t\t<div class=\"elementor-widget-container\">\n\t\t\t        <div class=\"eael-infobox\">\n\t            <div class=\"infobox-icon eael-icon-only\">\n\n            \n                            <div class=\"infobox-icon-wrap\">\n                    <i aria-hidden=\"true\" class=\"fas fa-mail-bulk\"><\/i>                <\/div>\n            \n            \n        <\/div>\n            <div class=\"infobox-content eael-icon-only\">\n                            <h2 class=\"title\">Krok 2<\/h2>\n                                                                                                <p><strong>Wype\u0142niony wniosek nale\u017cy dostarczy\u0107 do Biura Obs\u0142ugi Klienta DOLSAT Sp. z o.o. ul.Wojska Polskiego 23c, 97-400 Be\u0142chat\u00f3w\"<\/strong><\/p><p>Wniosek mo\u017cna dostarczy\u0107 osobi\u015bcie lub wys\u0142a\u0107 poczt\u0105 (najlepiej listem poleconym)<\/p>                                                                            <\/div>\n            <\/div>\n\n\t\t\t\t<\/div>\n\t\t\t\t<\/div>\n\t\t\t\t\t<\/div>\n\t\t<\/div>\n\t\t\t\t<div class=\"elementor-column elementor-col-33 elementor-top-column elementor-element elementor-element-d5b51cb\" data-id=\"d5b51cb\" data-element_type=\"column\">\n\t\t\t<div class=\"elementor-widget-wrap elementor-element-populated\">\n\t\t\t\t\t\t<div class=\"elementor-element elementor-element-bc41502 eael-infobox-icon-bg-shape-circle eael-infobox-content-align--center eael-infobox-icon-hover-bg-shape-none elementor-widget elementor-widget-eael-info-box\" data-id=\"bc41502\" data-element_type=\"widget\" data-widget_type=\"eael-info-box.default\">\n\t\t\t\t<div class=\"elementor-widget-container\">\n\t\t\t        <div class=\"eael-infobox\">\n\t            <div class=\"infobox-icon eael-icon-only\">\n\n            \n                            <div class=\"infobox-icon-wrap\">\n                    <i aria-hidden=\"true\" class=\"fas fa-envelope-open-text\"><\/i>                <\/div>\n            \n            \n        <\/div>\n            <div class=\"infobox-content eael-icon-only\">\n                            <h2 class=\"title\">Krok 3<\/h2>\n                                                                                                <p><strong>Na podany adres e-mail otrzymasz eFaktur\u0119 (pdf) wraz z certyfikowanym powiadomieniem<\/strong><\/p><p>Aby odczyta\u0107 wiadomo\u015b\u0107 nale\u017cy mie\u0107 zainstalowane programy: Adobe Reader oraz proCentrum SmartSign, kt\u00f3re mo\u017cna pobra\u0107 z link\u00f3w poni\u017cej<\/p>                                                                            <\/div>\n            <\/div>\n\n\t\t\t\t<\/div>\n\t\t\t\t<\/div>\n\t\t\t\t\t<\/div>\n\t\t<\/div>\n\t\t\t\t\t<\/div>\n\t\t<\/section>\n\t\t\t\t<section class=\"elementor-section elementor-top-section elementor-element elementor-element-a0b0ef6 elementor-section-boxed elementor-section-height-default elementor-section-height-default\" data-id=\"a0b0ef6\" data-element_type=\"section\">\n\t\t\t\t\t\t<div class=\"elementor-container elementor-column-gap-default\">\n\t\t\t\t\t<div class=\"elementor-column elementor-col-100 elementor-top-column elementor-element elementor-element-91c4ea9\" data-id=\"91c4ea9\" data-element_type=\"column\">\n\t\t\t<div class=\"elementor-widget-wrap elementor-element-populated\">\n\t\t\t\t\t\t<div class=\"elementor-element elementor-element-3aca63f elementor-widget elementor-widget-heading\" data-id=\"3aca63f\" data-element_type=\"widget\" data-widget_type=\"heading.default\">\n\t\t\t\t<div class=\"elementor-widget-container\">\n\t\t\t<h2 class=\"elementor-heading-title elementor-size-default\">Najcz\u0119\u015bciej zadawane pytania:<\/h2>\t\t<\/div>\n\t\t\t\t<\/div>\n\t\t\t\t<div class=\"elementor-element elementor-element-dcdc161 elementor-widget-divider--view-line elementor-widget elementor-widget-divider\" data-id=\"dcdc161\" data-element_type=\"widget\" data-widget_type=\"divider.default\">\n\t\t\t\t<div class=\"elementor-widget-container\">\n\t\t\t\t\t<div class=\"elementor-divider\">\n\t\t\t<span class=\"elementor-divider-separator\">\n\t\t\t\t\t\t<\/span>\n\t\t<\/div>\n\t\t\t\t<\/div>\n\t\t\t\t<\/div>\n\t\t\t\t<div class=\"elementor-element elementor-element-f701ad8 elementor-widget elementor-widget-toggle\" data-id=\"f701ad8\" data-element_type=\"widget\" data-widget_type=\"toggle.default\">\n\t\t\t\t<div class=\"elementor-widget-container\">\n\t\t\t\t\t<div class=\"elementor-toggle\">\n\t\t\t\t\t\t\t<div class=\"elementor-toggle-item\">\n\t\t\t\t\t<div id=\"elementor-tab-title-2591\" class=\"elementor-tab-title\" data-tab=\"1\" role=\"button\" aria-controls=\"elementor-tab-content-2591\" aria-expanded=\"false\">\n\t\t\t\t\t\t\t\t\t\t\t\t<span class=\"elementor-toggle-icon elementor-toggle-icon-left\" aria-hidden=\"true\">\n\t\t\t\t\t\t\t\t\t\t\t\t\t\t\t<span class=\"elementor-toggle-icon-closed\"><i class=\"fas fa-caret-right\"><\/i><\/span>\n\t\t\t\t\t\t\t\t<span class=\"elementor-toggle-icon-opened\"><i class=\"elementor-toggle-icon-opened fas fa-caret-up\"><\/i><\/span>\n\t\t\t\t\t\t\t\t\t\t\t\t\t<\/span>\n\t\t\t\t\t\t\t\t\t\t\t\t<a class=\"elementor-toggle-title\" tabindex=\"0\">Czy wniosek na uruchomienie eFaktury trzeba dostarczy\u0107 do Biura Obs\u0142ugi Klienta osobi\u015bcie?<\/a>\n\t\t\t\t\t<\/div>\n\n\t\t\t\t\t<div id=\"elementor-tab-content-2591\" class=\"elementor-tab-content elementor-clearfix\" data-tab=\"1\" role=\"region\" aria-labelledby=\"elementor-tab-title-2591\"><p>Podpisany wniosek mo\u017cna r\u00f3wnie\u017c wys\u0142a\u0107 do Biura Obs\u0142ugi Klienta poczt\u0105 (listem poleconym).<\/p><\/div>\n\t\t\t\t<\/div>\n\t\t\t\t\t\t\t<div class=\"elementor-toggle-item\">\n\t\t\t\t\t<div id=\"elementor-tab-title-2592\" class=\"elementor-tab-title\" data-tab=\"2\" role=\"button\" aria-controls=\"elementor-tab-content-2592\" aria-expanded=\"false\">\n\t\t\t\t\t\t\t\t\t\t\t\t<span class=\"elementor-toggle-icon elementor-toggle-icon-left\" aria-hidden=\"true\">\n\t\t\t\t\t\t\t\t\t\t\t\t\t\t\t<span class=\"elementor-toggle-icon-closed\"><i class=\"fas fa-caret-right\"><\/i><\/span>\n\t\t\t\t\t\t\t\t<span class=\"elementor-toggle-icon-opened\"><i class=\"elementor-toggle-icon-opened fas fa-caret-up\"><\/i><\/span>\n\t\t\t\t\t\t\t\t\t\t\t\t\t<\/span>\n\t\t\t\t\t\t\t\t\t\t\t\t<a class=\"elementor-toggle-title\" tabindex=\"0\">Kiedy mog\u0119 otrzyma\u0107 pierwsz\u0105 eFaktur\u0119?<\/a>\n\t\t\t\t\t<\/div>\n\n\t\t\t\t\t<div id=\"elementor-tab-content-2592\" class=\"elementor-tab-content elementor-clearfix\" data-tab=\"2\" role=\"region\" aria-labelledby=\"elementor-tab-title-2592\"><p>Operator rozpoczyna wystawianie Faktur nie wcze\u015bniej ni\u017c w dzie\u0144 po zarejestrowaniu wniosku \u201eeFaktura \u2013 zgoda Klienta\u201d<\/p><\/div>\n\t\t\t\t<\/div>\n\t\t\t\t\t\t\t<div class=\"elementor-toggle-item\">\n\t\t\t\t\t<div id=\"elementor-tab-title-2593\" class=\"elementor-tab-title\" data-tab=\"3\" role=\"button\" aria-controls=\"elementor-tab-content-2593\" aria-expanded=\"false\">\n\t\t\t\t\t\t\t\t\t\t\t\t<span class=\"elementor-toggle-icon elementor-toggle-icon-left\" aria-hidden=\"true\">\n\t\t\t\t\t\t\t\t\t\t\t\t\t\t\t<span class=\"elementor-toggle-icon-closed\"><i class=\"fas fa-caret-right\"><\/i><\/span>\n\t\t\t\t\t\t\t\t<span class=\"elementor-toggle-icon-opened\"><i class=\"elementor-toggle-icon-opened fas fa-caret-up\"><\/i><\/span>\n\t\t\t\t\t\t\t\t\t\t\t\t\t<\/span>\n\t\t\t\t\t\t\t\t\t\t\t\t<a class=\"elementor-toggle-title\" tabindex=\"0\">Po jakim czasie otrzymam swoje eFaktury?<\/a>\n\t\t\t\t\t<\/div>\n\n\t\t\t\t\t<div id=\"elementor-tab-content-2593\" class=\"elementor-tab-content elementor-clearfix\" data-tab=\"3\" role=\"region\" aria-labelledby=\"elementor-tab-title-2593\"><p>Po zarejestrowaniu wniosku \u201eeFaktura \u2013 zgoda Klienta\u201d eFaktury s\u0105 wysy\u0142ane na skrzynk\u0119 podan\u0105 przez Klienta, w ci\u0105gu 3 dni od wystawienia faktury.<\/p><\/div>\n\t\t\t\t<\/div>\n\t\t\t\t\t\t\t<div class=\"elementor-toggle-item\">\n\t\t\t\t\t<div id=\"elementor-tab-title-2594\" class=\"elementor-tab-title\" data-tab=\"4\" role=\"button\" aria-controls=\"elementor-tab-content-2594\" aria-expanded=\"false\">\n\t\t\t\t\t\t\t\t\t\t\t\t<span class=\"elementor-toggle-icon elementor-toggle-icon-left\" aria-hidden=\"true\">\n\t\t\t\t\t\t\t\t\t\t\t\t\t\t\t<span class=\"elementor-toggle-icon-closed\"><i class=\"fas fa-caret-right\"><\/i><\/span>\n\t\t\t\t\t\t\t\t<span class=\"elementor-toggle-icon-opened\"><i class=\"elementor-toggle-icon-opened fas fa-caret-up\"><\/i><\/span>\n\t\t\t\t\t\t\t\t\t\t\t\t\t<\/span>\n\t\t\t\t\t\t\t\t\t\t\t\t<a class=\"elementor-toggle-title\" tabindex=\"0\">A co w sytuacji, kiedy zmieni\u0119 adres e-mail?<\/a>\n\t\t\t\t\t<\/div>\n\n\t\t\t\t\t<div id=\"elementor-tab-content-2594\" class=\"elementor-tab-content elementor-clearfix\" data-tab=\"4\" role=\"region\" aria-labelledby=\"elementor-tab-title-2594\"><p>Je\u017celi klient chce zmieni\u0107 adres e-mail, na kt\u00f3ry s\u0105 wysy\u0142ane eFaktury, nale\u017cy ponownie wype\u0142ni\u0107 i dostarczy\u0107 wniosek \u201eeFaktura \u2013 zgoda Klienta\u201d z podaniem nowego adresu e-mail.<\/p><\/div>\n\t\t\t\t<\/div>\n\t\t\t\t\t\t\t<div class=\"elementor-toggle-item\">\n\t\t\t\t\t<div id=\"elementor-tab-title-2595\" class=\"elementor-tab-title\" data-tab=\"5\" role=\"button\" aria-controls=\"elementor-tab-content-2595\" aria-expanded=\"false\">\n\t\t\t\t\t\t\t\t\t\t\t\t<span class=\"elementor-toggle-icon elementor-toggle-icon-left\" aria-hidden=\"true\">\n\t\t\t\t\t\t\t\t\t\t\t\t\t\t\t<span class=\"elementor-toggle-icon-closed\"><i class=\"fas fa-caret-right\"><\/i><\/span>\n\t\t\t\t\t\t\t\t<span class=\"elementor-toggle-icon-opened\"><i class=\"elementor-toggle-icon-opened fas fa-caret-up\"><\/i><\/span>\n\t\t\t\t\t\t\t\t\t\t\t\t\t<\/span>\n\t\t\t\t\t\t\t\t\t\t\t\t<a class=\"elementor-toggle-title\" tabindex=\"0\">Czy mo\u017cna zrezygnowa\u0107 z eFaktury?<\/a>\n\t\t\t\t\t<\/div>\n\n\t\t\t\t\t<div id=\"elementor-tab-content-2595\" class=\"elementor-tab-content elementor-clearfix\" data-tab=\"5\" role=\"region\" aria-labelledby=\"elementor-tab-title-2595\"><p>Klient w ka\u017cdej chwili mo\u017ce zrezygnowa\u0107 z eFaktury. Aby zrezygnowa\u0107 z us\u0142ugi nale\u017cy wype\u0142ni\u0107 wniosek \u201eeFaktura &#8211; cofni\u0119cie zgody\u201d i dostarczy\u0107 do Biura Obs\u0142ugi Klienta.<\/p><\/div>\n\t\t\t\t<\/div>\n\t\t\t\t\t\t\t\t\t\t<script type=\"application\/ld+json\">{\"@context\":\"https:\\\/\\\/schema.org\",\"@type\":\"FAQPage\",\"mainEntity\":[{\"@type\":\"Question\",\"name\":\"Czy wniosek na uruchomienie eFaktury trzeba dostarczy\\u0107 do Biura Obs\\u0142ugi Klienta osobi\\u015bcie?\",\"acceptedAnswer\":{\"@type\":\"Answer\",\"text\":\"<p>Podpisany wniosek mo\\u017cna r\\u00f3wnie\\u017c wys\\u0142a\\u0107 do Biura Obs\\u0142ugi Klienta poczt\\u0105 (listem poleconym).<\\\/p>\"}},{\"@type\":\"Question\",\"name\":\"Kiedy mog\\u0119 otrzyma\\u0107 pierwsz\\u0105 eFaktur\\u0119?\",\"acceptedAnswer\":{\"@type\":\"Answer\",\"text\":\"<p>Operator rozpoczyna wystawianie Faktur nie wcze\\u015bniej ni\\u017c w dzie\\u0144 po zarejestrowaniu wniosku \\u201eeFaktura \\u2013 zgoda Klienta\\u201d<\\\/p>\"}},{\"@type\":\"Question\",\"name\":\"Po jakim czasie otrzymam swoje eFaktury?\",\"acceptedAnswer\":{\"@type\":\"Answer\",\"text\":\"<p>Po zarejestrowaniu wniosku \\u201eeFaktura \\u2013 zgoda Klienta\\u201d eFaktury s\\u0105 wysy\\u0142ane na skrzynk\\u0119 podan\\u0105 przez Klienta, w ci\\u0105gu 3 dni od wystawienia faktury.<\\\/p>\"}},{\"@type\":\"Question\",\"name\":\"A co w sytuacji, kiedy zmieni\\u0119 adres e-mail?\",\"acceptedAnswer\":{\"@type\":\"Answer\",\"text\":\"<p>Je\\u017celi klient chce zmieni\\u0107 adres e-mail, na kt\\u00f3ry s\\u0105 wysy\\u0142ane eFaktury, nale\\u017cy ponownie wype\\u0142ni\\u0107 i dostarczy\\u0107 wniosek \\u201eeFaktura \\u2013 zgoda Klienta\\u201d z podaniem nowego adresu e-mail.<\\\/p>\"}},{\"@type\":\"Question\",\"name\":\"Czy mo\\u017cna zrezygnowa\\u0107 z eFaktury?\",\"acceptedAnswer\":{\"@type\":\"Answer\",\"text\":\"<p>Klient w ka\\u017cdej chwili mo\\u017ce zrezygnowa\\u0107 z eFaktury. Aby zrezygnowa\\u0107 z us\\u0142ugi nale\\u017cy wype\\u0142ni\\u0107 wniosek \\u201eeFaktura &#8211; cofni\\u0119cie zgody\\u201d i dostarczy\\u0107 do Biura Obs\\u0142ugi Klienta.<\\\/p>\"}}]}<\/script>\n\t\t\t\t\t<\/div>\n\t\t\t\t<\/div>\n\t\t\t\t<\/div>\n\t\t\t\t\t<\/div>\n\t\t<\/div>\n\t\t\t\t\t<\/div>\n\t\t<\/section>\n\t\t\t\t<section class=\"elementor-section elementor-top-section elementor-element elementor-element-9b0c836 elementor-section-boxed elementor-section-height-default elementor-section-height-default\" data-id=\"9b0c836\" data-element_type=\"section\">\n\t\t\t\t\t\t<div class=\"elementor-container elementor-column-gap-default\">\n\t\t\t\t\t<div class=\"elementor-column elementor-col-100 elementor-top-column elementor-element elementor-element-0ef74e8\" data-id=\"0ef74e8\" data-element_type=\"column\" data-settings=\"{&quot;background_background&quot;:&quot;classic&quot;}\">\n\t\t\t<div class=\"elementor-widget-wrap elementor-element-populated\">\n\t\t\t\t\t\t<div class=\"elementor-element elementor-element-217ca76 elementor-widget elementor-widget-heading\" data-id=\"217ca76\" data-element_type=\"widget\" data-widget_type=\"heading.default\">\n\t\t\t\t<div class=\"elementor-widget-container\">\n\t\t\t<h2 class=\"elementor-heading-title elementor-size-default\">Dokumenty do pobrania<\/h2>\t\t<\/div>\n\t\t\t\t<\/div>\n\t\t\t\t<div class=\"elementor-element elementor-element-9362977 elementor-widget-divider--view-line elementor-widget elementor-widget-divider\" data-id=\"9362977\" data-element_type=\"widget\" data-widget_type=\"divider.default\">\n\t\t\t\t<div class=\"elementor-widget-container\">\n\t\t\t\t\t<div class=\"elementor-divider\">\n\t\t\t<span class=\"elementor-divider-separator\">\n\t\t\t\t\t\t<\/span>\n\t\t<\/div>\n\t\t\t\t<\/div>\n\t\t\t\t<\/div>\n\t\t\t\t<div class=\"elementor-element elementor-element-cbbcbf3 elementor-widget elementor-widget-text-editor\" data-id=\"cbbcbf3\" data-element_type=\"widget\" data-widget_type=\"text-editor.default\">\n\t\t\t\t<div class=\"elementor-widget-container\">\n\t\t\t\t\t\t\t<p><a href=\"\/wp-content\/c\/dokumenty\/eFaktura\/202210_efaktura_regulamin.pdf\" target=\"_blank\" rel=\"noopener\">Regulamin korzystania z faktury elektronicznej (eFaktura)<\/a><br \/><a href=\"\/wp-content\/c\/dokumenty\/eFaktura\/201807_efaktura_zgoda.pdf\" target=\"_blank\" rel=\"noopener\"><i class=\"fas fa-file-pdf\"><\/i> Wniosek &#8222;eFaktura &#8211; zgoda Klienta&#8221;<\/a><br \/><a href=\"\/wp-content\/c\/dokumenty\/eFaktura\/201807_efaktura_cofniecie_zgody.pdf\" target=\"_blank\" rel=\"noopener\"><i class=\"fas fa-file-pdf\"><\/i> Wniosek &#8222;eFaktura &#8211; cofni\u0119cie zgody Klienta&#8221;<\/a><\/p><p><strong>Programy do pobrania:<\/strong><br \/><a href=\"https:\/\/get.adobe.com\/reader\/\" target=\"_blank\" rel=\"noopener\">Adobe Acrobat Reader<\/a><br \/><a href=\"https:\/\/pomoc.certum.pl\/pl\/oprogramowanie\/procertum-smartsign\/\" target=\"_blank\" rel=\"noopener\">proCertum SmartSign &#8211; bezp\u0142atna aplikacja s\u0142u\u017c\u0105ca do weryfikacji autentyczno\u015bci podpisanej faktury<\/a><\/p>\t\t\t\t\t\t<\/div>\n\t\t\t\t<\/div>\n\t\t\t\t\t<\/div>\n\t\t<\/div>\n\t\t\t\t\t<\/div>\n\t\t<\/section>\n\t\t\t\t<\/div>\n\t\t","protected":false},"excerpt":{"rendered":"<p>eFaktura &gt; szybko, wygodnie, bezpiecznie, ekologicznie &lt; Co to jest eFaktura? eFaktura to po prostu faktura w formie elektronicznej, zawieraj\u0105ca dok\u0142adnie te same dane co tradycyjna faktura papierowa. eFaktura jest dokumentem wysy\u0142anym bezpo\u015brednio na poczt\u0119 e-mail podan\u0105 przez Klienta. Us\u0142uga ta jest bezp\u0142atna i realizowana na wniosek Klienta. eFaktura jest prawnie obowi\u0105zuj\u0105cym dokumentem, stworzonym w &hellip;<\/p>\n<p class=\"read-more\"> <a class=\"\" href=\"https:\/\/www.dolsat.pl\/?page_id=561\"> <span class=\"screen-reader-text\">eFaktura<\/span> Read More &raquo;<\/a><\/p>\n","protected":false},"author":1,"featured_media":0,"parent":0,"menu_order":0,"comment_status":"closed","ping_status":"closed","template":"","meta":{"_eb_attr":"","_uag_custom_page_level_css":"","site-sidebar-layout":"default","site-content-layout":"default","ast-global-header-display":"","ast-main-header-display":"","ast-hfb-above-header-display":"","ast-hfb-below-header-display":"","ast-hfb-mobile-header-display":"","site-post-title":"disabled","ast-breadcrumbs-content":"","ast-featured-img":"","footer-sml-layout":"","theme-transparent-header-meta":"","adv-header-id-meta":"","stick-header-meta":"","header-above-stick-meta":"","header-main-stick-meta":"","header-below-stick-meta":"","footnotes":""},"class_list":["post-561","page","type-page","status-publish","hentry"],"uagb_featured_image_src":{"full":false,"thumbnail":false,"medium":false,"medium_large":false,"large":false,"1536x1536":false,"2048x2048":false},"uagb_author_info":{"display_name":"sudo","author_link":"https:\/\/www.dolsat.pl\/?author=1"},"uagb_comment_info":0,"uagb_excerpt":"eFaktura &gt; szybko, wygodnie, bezpiecznie, ekologicznie &lt; Co to jest eFaktura? eFaktura to po prostu faktura w formie elektronicznej, zawieraj\u0105ca dok\u0142adnie te same dane co tradycyjna faktura papierowa. eFaktura jest dokumentem wysy\u0142anym bezpo\u015brednio na poczt\u0119 e-mail podan\u0105 przez Klienta. Us\u0142uga ta jest bezp\u0142atna i realizowana na wniosek Klienta. eFaktura jest prawnie obowi\u0105zuj\u0105cym dokumentem, stworzonym w&hellip;","_links":{"self":[{"href":"https:\/\/www.dolsat.pl\/index.php?rest_route=\/wp\/v2\/pages\/561","targetHints":{"allow":["GET"]}}],"collection":[{"href":"https:\/\/www.dolsat.pl\/index.php?rest_route=\/wp\/v2\/pages"}],"about":[{"href":"https:\/\/www.dolsat.pl\/index.php?rest_route=\/wp\/v2\/types\/page"}],"author":[{"embeddable":true,"href":"https:\/\/www.dolsat.pl\/index.php?rest_route=\/wp\/v2\/users\/1"}],"replies":[{"embeddable":true,"href":"https:\/\/www.dolsat.pl\/index.php?rest_route=%2Fwp%2Fv2%2Fcomments&post=561"}],"version-history":[{"count":17,"href":"https:\/\/www.dolsat.pl\/index.php?rest_route=\/wp\/v2\/pages\/561\/revisions"}],"predecessor-version":[{"id":583,"href":"https:\/\/www.dolsat.pl\/index.php?rest_route=\/wp\/v2\/pages\/561\/revisions\/583"}],"wp:attachment":[{"href":"https:\/\/www.dolsat.pl\/index.php?rest_route=%2Fwp%2Fv2%2Fmedia&parent=561"}],"curies":[{"name":"wp","href":"https:\/\/api.w.org\/{rel}","templated":true}]}}